{"id":5971,"date":"2020-10-29T09:48:51","date_gmt":"2020-10-29T12:48:51","guid":{"rendered":"http:\/\/www.hand2hand.cl\/barriomatta\/?page_id=5971"},"modified":"2020-11-03T09:20:29","modified_gmt":"2020-11-03T12:20:29","slug":"ecoferias","status":"publish","type":"page","link":"http:\/\/www.hand2hand.cl\/barriomatta\/index.php\/ecoferias\/","title":{"rendered":"EcoFerias"},"content":{"rendered":"[vc_row type=&#8221;in_container&#8221; full_screen_row_position=&#8221;middle&#8221; scene_position=&#8221;center&#8221; text_color=&#8221;dark&#8221; text_align=&#8221;left&#8221; overlay_strength=&#8221;0.3&#8243; shape_divider_position=&#8221;bottom&#8221; bg_image_animation=&#8221;none&#8221;][vc_column column_padding=&#8221;no-extra-padding&#8221; column_padding_position=&#8221;all&#8221; background_color_opacity=&#8221;1&#8243; background_hover_color_opacity=&#8221;1&#8243; column_link_target=&#8221;_self&#8221; column_shadow=&#8221;none&#8221; column_border_radius=&#8221;none&#8221; width=&#8221;1\/1&#8243; tablet_width_inherit=&#8221;default&#8221; tablet_text_alignment=&#8221;default&#8221; phone_text_alignment=&#8221;default&#8221; column_border_width=&#8221;none&#8221; column_border_style=&#8221;solid&#8221; bg_image_animation=&#8221;none&#8221;][vc_column_text]\n<h3>Como organizaci\u00f3n una de nuestras mayores preocupaciones es la defensa y recuperaci\u00f3n del barrio Matta Sur en tanto \u00e9ste corresponde a un pol\u00edgono de 184 hect\u00e1reas declaradas como Zona T\u00edpica. No obstante, \u00e9ste no es el \u00fanico de nuestros objetivos.<\/h3>\n<p>El sector donde nos ubicamos se caracteriza por sus fachadas continuas, la vida de barrio, los almacenes, los diversos talleres de oficios y artesan\u00eda y de \u00e1reas verde, arbolado urbano y algunos jardines que lo complementan. Pues bien, entendiendo nuestro barrio como una integraci\u00f3n de todos esos elementos su existencia se ver\u00e1 afectada si no somos capaces de cambiar nuestros paradigmas respecto del poco o nulo compromiso por cuidar el ambiente en el que habitamos. Somos responsables de mantener y restaurar nuestras casas, pero tambi\u00e9n debemos ser capaces de responsabilizarnos de los desechos que producimos y del tipo de vida que llevamos.<\/p>\n<p>A partir de esta reflexi\u00f3n es que decidimos incorporar a nuestras ferias a aquellos(as) artesanos, cultores(as) de oficios y dise\u00f1adores(as) que dentro de su producci\u00f3n a peque\u00f1a escala hayan incorporado la sustentabilidad como principio b\u00e1sico de su quehacer artesanal.[\/vc_column_text][\/vc_column][\/vc_row][vc_row type=&#8221;full_width_content&#8221; full_screen_row_position=&#8221;middle&#8221; bg_image=&#8221;https:\/\/source.unsplash.com\/HrUwIKrmPm0&#8243; bg_position=&#8221;center center&#8221; bg_repeat=&#8221;no-repeat&#8221; bg_color=&#8221;#4e475c&#8221; scene_position=&#8221;center&#8221; text_color=&#8221;light&#8221; text_align=&#8221;center&#8221; color_overlay=&#8221;#84c42b&#8221; overlay_strength=&#8221;0.95&#8243; shape_divider_position=&#8221;bottom&#8221; bg_image_animation=&#8221;none&#8221; parallax_bg=&#8221;true&#8221; parallax_bg_speed=&#8221;fast&#8221; shape_type=&#8221;&#8221;][vc_column centered_text=&#8221;true&#8221; column_padding=&#8221;padding-4-percent&#8221; column_padding_position=&#8221;all&#8221; background_color_opacity=&#8221;1&#8243; background_color_hover=&#8221;#0a0a0a&#8221; background_hover_color_opacity=&#8221;0.2&#8243; column_link_target=&#8221;_self&#8221; column_shadow=&#8221;none&#8221; column_border_radius=&#8221;none&#8221; width=&#8221;1\/3&#8243; tablet_width_inherit=&#8221;default&#8221; tablet_text_alignment=&#8221;default&#8221; phone_text_alignment=&#8221;default&#8221; column_border_width=&#8221;none&#8221; column_border_style=&#8221;solid&#8221; bg_image_animation=&#8221;none&#8221;]<div class=\"divider-wrap\" data-alignment=\"default\"><div style=\"height: 75px;\" class=\"divider\"><\/div><\/div>[nectar_icon icon_family=&#8221;fontawesome&#8221; icon_style=&#8221;default&#8221; icon_color=&#8221;white&#8221; icon_padding=&#8221;10px&#8221; icon_size=&#8221;60&#8243; icon_fontawesome=&#8221;fa fa-leaf&#8221;]<div class=\"divider-wrap\" data-alignment=\"default\"><div style=\"height: 15px;\" class=\"divider\"><\/div><\/div>[vc_column_text]En el marco del acelerado Cambio Clim\u00e1tico nuestra organizaci\u00f3n se abre a la reflexi\u00f3n respecto del tipo de relaci\u00f3n que tenemos con nuestro entorno, en especial, el natural.[\/vc_column_text]<div class=\"divider-wrap\" data-alignment=\"default\"><div style=\"height: 75px;\" class=\"divider\"><\/div><\/div>[\/vc_column][vc_column column_padding=&#8221;padding-4-percent&#8221; column_padding_position=&#8221;all&#8221; background_color=&#8221;#2ed397&#8243; background_color_opacity=&#8221;1&#8243; background_color_hover=&#8221;#0a0a0a&#8221; background_hover_color_opacity=&#8221;0.2&#8243; column_link_target=&#8221;_self&#8221; column_shadow=&#8221;none&#8221; column_border_radius=&#8221;none&#8221; width=&#8221;1\/3&#8243; tablet_width_inherit=&#8221;default&#8221; tablet_text_alignment=&#8221;default&#8221; phone_text_alignment=&#8221;default&#8221; column_border_width=&#8221;none&#8221; column_border_style=&#8221;solid&#8221; bg_image_animation=&#8221;none&#8221;]<div class=\"divider-wrap\" data-alignment=\"default\"><div style=\"height: 75px;\" class=\"divider\"><\/div><\/div>[nectar_icon icon_family=&#8221;fontawesome&#8221; icon_style=&#8221;default&#8221; icon_color=&#8221;white&#8221; icon_padding=&#8221;10px&#8221; icon_size=&#8221;60&#8243; icon_fontawesome=&#8221;fa fa-recycle&#8221;]<div class=\"divider-wrap\" data-alignment=\"default\"><div style=\"height: 15px;\" class=\"divider\"><\/div><\/div>[vc_column_text]Queremos un barrio que se desarrolle en armon\u00eda con las tipolog\u00edas arquitect\u00f3nicas que en \u00e9l se encuentran. Asimismo, aspiramos a un barrio que sea sustentable y sostenible.[\/vc_column_text]<div class=\"divider-wrap\" data-alignment=\"default\"><div style=\"height: 75px;\" class=\"divider\"><\/div><\/div>[\/vc_column][vc_column column_padding=&#8221;padding-4-percent&#8221; column_padding_position=&#8221;all&#8221; background_color=&#8221;#ff4f0f&#8221; background_color_opacity=&#8221;1&#8243; background_color_hover=&#8221;#0a0a0a&#8221; background_hover_color_opacity=&#8221;0.2&#8243; column_link_target=&#8221;_self&#8221; column_shadow=&#8221;none&#8221; column_border_radius=&#8221;none&#8221; width=&#8221;1\/3&#8243; tablet_width_inherit=&#8221;default&#8221; tablet_text_alignment=&#8221;default&#8221; phone_text_alignment=&#8221;default&#8221; column_border_width=&#8221;none&#8221; column_border_style=&#8221;solid&#8221; bg_image_animation=&#8221;none&#8221;]<div class=\"divider-wrap\" data-alignment=\"default\"><div style=\"height: 75px;\" class=\"divider\"><\/div><\/div>[nectar_icon icon_family=&#8221;fontawesome&#8221; icon_style=&#8221;default&#8221; icon_color=&#8221;white&#8221; icon_padding=&#8221;10px&#8221; icon_size=&#8221;60&#8243; icon_fontawesome=&#8221;fa fa-heart&#8221;]<div class=\"divider-wrap\" data-alignment=\"default\"><div style=\"height: 15px;\" class=\"divider\"><\/div><\/div>[vc_column_text]Las Ecoferias participan de estos buenos prop\u00f3sitos y se instalan en el imaginario colectivo como una manera m\u00e1s de colaborar con el desarrollo de una consciencia ambiental.[\/vc_column_text]<div class=\"divider-wrap\" data-alignment=\"default\"><div style=\"height: 75px;\" class=\"divider\"><\/div><\/div>[\/vc_column][\/vc_row][vc_row type=&#8221;in_container&#8221; full_screen_row_position=&#8221;middle&#8221; scene_position=&#8221;center&#8221; text_color=&#8221;dark&#8221; text_align=&#8221;left&#8221; top_padding=&#8221;30&#8243; bottom_padding=&#8221;20&#8243; overlay_strength=&#8221;0.3&#8243; shape_divider_position=&#8221;bottom&#8221; bg_image_animation=&#8221;none&#8221; shape_type=&#8221;&#8221;][vc_column column_padding=&#8221;no-extra-padding&#8221; column_padding_position=&#8221;all&#8221; background_color_opacity=&#8221;1&#8243; background_hover_color_opacity=&#8221;1&#8243; column_link_target=&#8221;_self&#8221; column_shadow=&#8221;none&#8221; column_border_radius=&#8221;none&#8221; width=&#8221;1\/1&#8243; tablet_width_inherit=&#8221;default&#8221; tablet_text_alignment=&#8221;default&#8221; phone_text_alignment=&#8221;default&#8221; column_border_width=&#8221;none&#8221; column_border_style=&#8221;solid&#8221; bg_image_animation=&#8221;none&#8221;][vc_custom_heading text=&#8221;Eventos Realizados Durante 2019&#8243; font_container=&#8221;tag:h1|font_size:40|text_align:center|color:%23333333&#8243; google_fonts=&#8221;font_family:Roboto%3A100%2C100italic%2C300%2C300italic%2Cregular%2Citalic%2C500%2C500italic%2C700%2C700italic%2C900%2C900italic|font_style:400%20regular%3A400%3Anormal&#8221;]<div class=\"divider-wrap\" data-alignment=\"default\"><div style=\"height: 20px;\" class=\"divider\"><\/div><\/div>[vc_row_inner column_margin=&#8221;default&#8221; text_align=&#8221;left&#8221;][vc_column_inner column_padding=&#8221;no-extra-padding&#8221; column_padding_position=&#8221;all&#8221; background_color_opacity=&#8221;1&#8243; background_hover_color_opacity=&#8221;1&#8243; column_shadow=&#8221;none&#8221; column_border_radius=&#8221;none&#8221; column_link_target=&#8221;_self&#8221; width=&#8221;1\/2&#8243; tablet_width_inherit=&#8221;default&#8221; column_border_width=&#8221;none&#8221; column_border_style=&#8221;solid&#8221; bg_image_animation=&#8221;none&#8221;]<div class=\"img-with-aniamtion-wrap center\" data-max-width=\"75%\" data-border-radius=\"none\"><div class=\"inner\"><img data-shadow=\"none\" data-shadow-direction=\"middle\" class=\"img-with-animation skip-lazy \" data-delay=\"0\" height=\"2560\" width=\"1862\"  data-animation=\"fade-in\" src=\"http:\/\/www.hand2hand.cl\/barriomatta\/wp-content\/uploads\/2020\/10\/afiche_matta-scaled.jpg\" srcset=\"http:\/\/www.hand2hand.cl\/barriomatta\/wp-content\/uploads\/2020\/10\/afiche_matta-scaled.jpg 1862w, http:\/\/www.hand2hand.cl\/barriomatta\/wp-content\/uploads\/2020\/10\/afiche_matta-218x300.jpg 218w, http:\/\/www.hand2hand.cl\/barriomatta\/wp-content\/uploads\/2020\/10\/afiche_matta-745x1024.jpg 745w, http:\/\/www.hand2hand.cl\/barriomatta\/wp-content\/uploads\/2020\/10\/afiche_matta-768x1056.jpg 768w, http:\/\/www.hand2hand.cl\/barriomatta\/wp-content\/uploads\/2020\/10\/afiche_matta-1117x1536.jpg 1117w, http:\/\/www.hand2hand.cl\/barriomatta\/wp-content\/uploads\/2020\/10\/afiche_matta-1490x2048.jpg 1490w\" sizes=\"100vw\" alt=\"\" \/><\/div><\/div>[\/vc_column_inner][vc_column_inner column_padding=&#8221;no-extra-padding&#8221; column_padding_position=&#8221;all&#8221; background_color_opacity=&#8221;1&#8243; background_hover_color_opacity=&#8221;1&#8243; column_shadow=&#8221;none&#8221; column_border_radius=&#8221;none&#8221; column_link_target=&#8221;_self&#8221; width=&#8221;1\/2&#8243; tablet_width_inherit=&#8221;default&#8221; column_border_width=&#8221;none&#8221; column_border_style=&#8221;solid&#8221; bg_image_animation=&#8221;none&#8221;]<div class=\"img-with-aniamtion-wrap center\" data-max-width=\"75%\" data-border-radius=\"none\"><div class=\"inner\"><img data-shadow=\"none\" data-shadow-direction=\"middle\" class=\"img-with-animation skip-lazy \" data-delay=\"0\" height=\"2000\" width=\"1414\"  data-animation=\"fade-in\" src=\"http:\/\/www.hand2hand.cl\/barriomatta\/wp-content\/uploads\/2020\/11\/EcoFeria-Virtual-Matta-Sur_COLOCAR-IGUAL-A-PESAR-DE-LA-FECHA-PARA-MOSTRAR-ACTIVIDADES-PASADAS.png\" srcset=\"http:\/\/www.hand2hand.cl\/barriomatta\/wp-content\/uploads\/2020\/11\/EcoFeria-Virtual-Matta-Sur_COLOCAR-IGUAL-A-PESAR-DE-LA-FECHA-PARA-MOSTRAR-ACTIVIDADES-PASADAS.png 1414w, http:\/\/www.hand2hand.cl\/barriomatta\/wp-content\/uploads\/2020\/11\/EcoFeria-Virtual-Matta-Sur_COLOCAR-IGUAL-A-PESAR-DE-LA-FECHA-PARA-MOSTRAR-ACTIVIDADES-PASADAS-212x300.png 212w, http:\/\/www.hand2hand.cl\/barriomatta\/wp-content\/uploads\/2020\/11\/EcoFeria-Virtual-Matta-Sur_COLOCAR-IGUAL-A-PESAR-DE-LA-FECHA-PARA-MOSTRAR-ACTIVIDADES-PASADAS-724x1024.png 724w, http:\/\/www.hand2hand.cl\/barriomatta\/wp-content\/uploads\/2020\/11\/EcoFeria-Virtual-Matta-Sur_COLOCAR-IGUAL-A-PESAR-DE-LA-FECHA-PARA-MOSTRAR-ACTIVIDADES-PASADAS-768x1086.png 768w, http:\/\/www.hand2hand.cl\/barriomatta\/wp-content\/uploads\/2020\/11\/EcoFeria-Virtual-Matta-Sur_COLOCAR-IGUAL-A-PESAR-DE-LA-FECHA-PARA-MOSTRAR-ACTIVIDADES-PASADAS-1086x1536.png 1086w\" sizes=\"100vw\" alt=\"\" \/><\/div><\/div>[\/vc_column_inner][\/vc_row_inner][\/vc_column][\/vc_row][vc_row type=&#8221;full_width_background&#8221; full_screen_row_position=&#8221;middle&#8221; bg_color=&#8221;#dddddd&#8221; scene_position=&#8221;center&#8221; text_color=&#8221;dark&#8221; text_align=&#8221;left&#8221; top_padding=&#8221;30&#8243; overlay_strength=&#8221;0.3&#8243; shape_divider_position=&#8221;bottom&#8221; bg_image_animation=&#8221;none&#8221; shape_type=&#8221;&#8221;][vc_column column_padding=&#8221;no-extra-padding&#8221; column_padding_position=&#8221;all&#8221; background_color_opacity=&#8221;1&#8243; background_hover_color_opacity=&#8221;1&#8243; column_link_target=&#8221;_self&#8221; column_shadow=&#8221;none&#8221; column_border_radius=&#8221;none&#8221; width=&#8221;1\/1&#8243; tablet_width_inherit=&#8221;default&#8221; tablet_text_alignment=&#8221;default&#8221; phone_text_alignment=&#8221;default&#8221; column_border_width=&#8221;none&#8221; column_border_style=&#8221;solid&#8221; bg_image_animation=&#8221;none&#8221;][vc_gallery type=&#8221;image_grid&#8221; images=&#8221;5982,5980,5978,5983&#8243; layout=&#8221;4&#8243; item_spacing=&#8221;default&#8221; gallery_style=&#8221;7&#8243; load_in_animation=&#8221;none&#8221;][\/vc_column][\/vc_row]\n","protected":false},"excerpt":{"rendered":"<p>[vc_row type=&#8221;in_container&#8221; full_screen_row_position=&#8221;middle&#8221; scene_position=&#8221;center&#8221; text_color=&#8221;dark&#8221; text_align=&#8221;left&#8221; overlay_strength=&#8221;0.3&#8243; shape_divider_position=&#8221;bottom&#8221; bg_image_animation=&#8221;none&#8221;][vc_column column_padding=&#8221;no-extra-padding&#8221; column_padding_position=&#8221;all&#8221; background_color_opacity=&#8221;1&#8243; background_hover_color_opacity=&#8221;1&#8243; column_link_target=&#8221;_self&#8221; column_shadow=&#8221;none&#8221; column_border_radius=&#8221;none&#8221; width=&#8221;1\/1&#8243; tablet_width_inherit=&#8221;default&#8221; tablet_text_alignment=&#8221;default&#8221; phone_text_alignment=&#8221;default&#8221; column_border_width=&#8221;none&#8221; column_border_style=&#8221;solid&#8221; bg_image_animation=&#8221;none&#8221;][vc_column_text] Como organizaci\u00f3n&#8230;<\/p>\n","protected":false},"author":1,"featured_media":0,"parent":0,"menu_order":0,"comment_status":"closed","ping_status":"closed","template":"","meta":[],"_links":{"self":[{"href":"http:\/\/www.hand2hand.cl\/barriomatta\/index.php\/wp-json\/wp\/v2\/pages\/5971"}],"collection":[{"href":"http:\/\/www.hand2hand.cl\/barriomatta\/index.php\/wp-json\/wp\/v2\/pages"}],"about":[{"href":"http:\/\/www.hand2hand.cl\/barriomatta\/index.php\/wp-json\/wp\/v2\/types\/page"}],"author":[{"embeddable":true,"href":"http:\/\/www.hand2hand.cl\/barriomatta\/index.php\/wp-json\/wp\/v2\/users\/1"}],"replies":[{"embeddable":true,"href":"http:\/\/www.hand2hand.cl\/barriomatta\/index.php\/wp-json\/wp\/v2\/comments?post=5971"}],"version-history":[{"count":10,"href":"http:\/\/www.hand2hand.cl\/barriomatta\/index.php\/wp-json\/wp\/v2\/pages\/5971\/revisions"}],"predecessor-version":[{"id":6016,"href":"http:\/\/www.hand2hand.cl\/barriomatta\/index.php\/wp-json\/wp\/v2\/pages\/5971\/revisions\/6016"}],"wp:attachment":[{"href":"http:\/\/www.hand2hand.cl\/barriomatta\/index.php\/wp-json\/wp\/v2\/media?parent=5971"}],"curies":[{"name":"wp","href":"https:\/\/api.w.org\/{rel}","templated":true}]}}