{"id":2699,"date":"2020-08-20T17:07:49","date_gmt":"2020-08-20T20:07:49","guid":{"rendered":"http:\/\/www.hand2hand.cl\/barriomatta\/?page_id=2699"},"modified":"2020-11-06T11:20:38","modified_gmt":"2020-11-06T14:20:38","slug":"origenes","status":"publish","type":"page","link":"http:\/\/www.hand2hand.cl\/barriomatta\/index.php\/origenes\/","title":{"rendered":"Or\u00edgenes"},"content":{"rendered":"[vc_row type=&#8221;in_container&#8221; full_screen_row_position=&#8221;middle&#8221; scene_position=&#8221;center&#8221; text_color=&#8221;dark&#8221; text_align=&#8221;left&#8221; overlay_strength=&#8221;0.3&#8243; shape_divider_position=&#8221;bottom&#8221; bg_image_animation=&#8221;none&#8221;][vc_column column_padding=&#8221;no-extra-padding&#8221; column_padding_position=&#8221;all&#8221; background_color_opacity=&#8221;1&#8243; background_hover_color_opacity=&#8221;1&#8243; column_link_target=&#8221;_self&#8221; column_shadow=&#8221;none&#8221; column_border_radius=&#8221;none&#8221; width=&#8221;1\/2&#8243; tablet_width_inherit=&#8221;default&#8221; tablet_text_alignment=&#8221;default&#8221; phone_text_alignment=&#8221;default&#8221; column_border_width=&#8221;none&#8221; column_border_style=&#8221;solid&#8221; bg_image_animation=&#8221;none&#8221;][vc_column_text]\n<h3>El Barrio Avenida Matta es un sector comprendido por las siguientes calles: Avenida Vicu\u00f1a Mackenna por el Oriente, Avenida 10 de Julio por el Norte, Avenida Norte-Sur por el poniente y el canal Zanj\u00f3n de la Aguada por el Sur.<\/h3>\n<p>El conjunto presenta una homogeneidad digna de destacarse, a pesar del marco de austeridad en que hist\u00f3ricamente se desenvolvi\u00f3. En sus or\u00edgenes fue parte de una zona de la ciudad denominada Sector Sur o Barrio Sur, que hasta mediados del siglo XIX estaba conformado por chacras y peque\u00f1os poblados que se agruparon en torno a algunas calles fangosas que se fueron creando, tales como San Diego, que era el camino al Sur, y las actuales Carmen, Santa Rosa y San Isidro, que desde finales del siglo XII insinuaron el crecimiento de la ciudad hacia el sur.<\/p>\n<p>La dura guerra por la denominaci\u00f3n Espa\u00f1ola al sur del Bio-Bio, principalmente durante los siglos XVI y XVII, hizo que este sector de Santiago fuese olvidado por cerca de 200 a\u00f1os, gan\u00e1ndose el calificativo de pedregal in\u00fatil. En esos tiempos, seg\u00fan relatos de los historiadores, los jesuitas ten\u00edan en torno a la ciudad una verdadera cintura de ricas propiedades r\u00fasticas.En el siglo XVIII fue el lugar preferido de la clase alta, porque la vida campestre de esta zona era ideal para construir sus mansiones de adobe. Hacia 1828 la creaci\u00f3n de la \u201cAlameda de los monos\u201d o \u201cCa\u00f1ada de los monos\u201d, hoy Avenida Manuel Antonio Matta, conformada como una ancha calle que sirvi\u00f3 como feria semanal de animales, constituy\u00f3 un hecho clave para el futuro desarrollo del sector.[\/vc_column_text][\/vc_column][vc_column column_padding=&#8221;no-extra-padding&#8221; column_padding_position=&#8221;all&#8221; background_color_opacity=&#8221;1&#8243; background_hover_color_opacity=&#8221;1&#8243; column_link_target=&#8221;_self&#8221; column_shadow=&#8221;none&#8221; column_border_radius=&#8221;none&#8221; width=&#8221;1\/2&#8243; tablet_width_inherit=&#8221;default&#8221; tablet_text_alignment=&#8221;default&#8221; phone_text_alignment=&#8221;default&#8221; column_border_width=&#8221;none&#8221; column_border_style=&#8221;solid&#8221; bg_image_animation=&#8221;none&#8221;]<div class=\"img-with-aniamtion-wrap center\" data-max-width=\"100%\" data-border-radius=\"10px\"><div class=\"inner\"><img data-shadow=\"none\" data-shadow-direction=\"middle\" class=\"img-with-animation skip-lazy \" data-delay=\"0\" height=\"772\" width=\"524\"  data-animation=\"fade-in\" src=\"http:\/\/www.hand2hand.cl\/barriomatta\/wp-content\/uploads\/2020\/10\/origenes-barrio-imagen-01.jpg\" srcset=\"http:\/\/www.hand2hand.cl\/barriomatta\/wp-content\/uploads\/2020\/10\/origenes-barrio-imagen-01.jpg 524w, http:\/\/www.hand2hand.cl\/barriomatta\/wp-content\/uploads\/2020\/10\/origenes-barrio-imagen-01-204x300.jpg 204w\" sizes=\"100vw\" alt=\"\" \/><\/div><\/div>[\/vc_column][\/vc_row][vc_row type=&#8221;in_container&#8221; full_screen_row_position=&#8221;middle&#8221; scene_position=&#8221;center&#8221; text_color=&#8221;dark&#8221; text_align=&#8221;left&#8221; overlay_strength=&#8221;0.3&#8243; shape_divider_position=&#8221;bottom&#8221; bg_image_animation=&#8221;none&#8221;][vc_column column_padding=&#8221;no-extra-padding&#8221; column_padding_position=&#8221;all&#8221; background_color_opacity=&#8221;1&#8243; background_hover_color_opacity=&#8221;1&#8243; column_link_target=&#8221;_self&#8221; column_shadow=&#8221;none&#8221; column_border_radius=&#8221;none&#8221; width=&#8221;1\/2&#8243; tablet_width_inherit=&#8221;default&#8221; tablet_text_alignment=&#8221;default&#8221; phone_text_alignment=&#8221;default&#8221; column_border_width=&#8221;none&#8221; column_border_style=&#8221;solid&#8221; bg_image_animation=&#8221;none&#8221;]<div class=\"divider-wrap\" data-alignment=\"default\"><div style=\"height: 10px;\" class=\"divider\"><\/div><\/div><div class=\"img-with-aniamtion-wrap center\" data-max-width=\"100%\" data-border-radius=\"none\"><div class=\"inner\"><img data-shadow=\"none\" data-shadow-direction=\"middle\" class=\"img-with-animation skip-lazy \" data-delay=\"0\" height=\"960\" width=\"1280\"  data-animation=\"fade-in\" src=\"http:\/\/www.hand2hand.cl\/barriomatta\/wp-content\/uploads\/2020\/11\/origen-01.jpg\" srcset=\"http:\/\/www.hand2hand.cl\/barriomatta\/wp-content\/uploads\/2020\/11\/origen-01.jpg 1280w, http:\/\/www.hand2hand.cl\/barriomatta\/wp-content\/uploads\/2020\/11\/origen-01-300x225.jpg 300w, http:\/\/www.hand2hand.cl\/barriomatta\/wp-content\/uploads\/2020\/11\/origen-01-1024x768.jpg 1024w, http:\/\/www.hand2hand.cl\/barriomatta\/wp-content\/uploads\/2020\/11\/origen-01-768x576.jpg 768w\" sizes=\"100vw\" alt=\"\" \/><\/div><\/div><div class=\"divider-wrap\" data-alignment=\"default\"><div style=\"height: 40px;\" class=\"divider\"><\/div><\/div><div class=\"img-with-aniamtion-wrap center\" data-max-width=\"100%\" data-border-radius=\"none\"><div class=\"inner\"><img data-shadow=\"none\" data-shadow-direction=\"middle\" class=\"img-with-animation skip-lazy \" data-delay=\"0\" height=\"960\" width=\"1280\"  data-animation=\"fade-in\" src=\"http:\/\/www.hand2hand.cl\/barriomatta\/wp-content\/uploads\/2020\/11\/origen-02.jpg\" srcset=\"http:\/\/www.hand2hand.cl\/barriomatta\/wp-content\/uploads\/2020\/11\/origen-02.jpg 1280w, http:\/\/www.hand2hand.cl\/barriomatta\/wp-content\/uploads\/2020\/11\/origen-02-300x225.jpg 300w, http:\/\/www.hand2hand.cl\/barriomatta\/wp-content\/uploads\/2020\/11\/origen-02-1024x768.jpg 1024w, http:\/\/www.hand2hand.cl\/barriomatta\/wp-content\/uploads\/2020\/11\/origen-02-768x576.jpg 768w\" sizes=\"100vw\" alt=\"\" \/><\/div><\/div>[\/vc_column][vc_column column_padding=&#8221;no-extra-padding&#8221; column_padding_position=&#8221;all&#8221; background_color_opacity=&#8221;1&#8243; background_hover_color_opacity=&#8221;1&#8243; column_link_target=&#8221;_self&#8221; column_shadow=&#8221;none&#8221; column_border_radius=&#8221;none&#8221; width=&#8221;1\/2&#8243; tablet_width_inherit=&#8221;default&#8221; tablet_text_alignment=&#8221;default&#8221; phone_text_alignment=&#8221;default&#8221; column_border_width=&#8221;none&#8221; column_border_style=&#8221;solid&#8221; bg_image_animation=&#8221;none&#8221;][vc_column_text]Desde 1840 las Antiguas chacras existentes iniciaron su divisi\u00f3n en lotes m\u00e1s peque\u00f1os: Las cercanas al Campo de Marte (1842) y al Parque Cousi\u00f1o, hoy parque O\u2019Higgins (1860) formaron lotes adquiridos por la clase alta, constituy\u00e9ndose un barrio exclusivo y elegante (actuales calles Ej\u00e9rcito y Dieciocho). Hacia el oriente, principalmente entre Nataniel y San Francisco no se dividieron en peque\u00f1os lotes, sino s\u00f3lo en las hijuelas nacidas de las participaciones de bienes entre herederos. Estas fueron alquiladas por sus propietarios a modestos pobladores, principalmente ind\u00edgenas que producto de la dominaci\u00f3n de sus territorios se vieron obligados a emigrar a los m\u00e1rgenes de la ciudad. Un precario pedazo de suelo para que ellos mismos edificaran, como pudiesen, una modesta morada. \u201c Tolder\u00eda de salvajes\u201d le llam\u00f3 Vicu\u00f1a Mackenna al sector sur de la capital.<\/p>\n<p>A mediados del siglo XiX Santiago era una ciudad residencial y burocr\u00e1tica que sin ning\u00fan papel esencial en la vida econ\u00f3mica chilena concentraba lo mejor de sus frutos. Polo de atracci\u00f3n de mineros enriquecidos, terratenientes hidalgos, artesanos extranjeros, j\u00f3venes provincianos instruidos pero pobres y ga\u00f1anes movedizos. Viejos y nuevos ricos la habitaban o aspiraban a vivir en ella. Cobijaba al poder pol\u00edtico y representaba la posibilidad de desarrollar un modelo de vida que deslumbraba a los provincianos con un estilo que imitaba o \u201cparodiaba\u201d a la aristocracia del viejo continente. Reci\u00e9n comenzaba la europeizaci\u00f3n de la elite. Paralelamente fue creciendo un sector de peque\u00f1os comerciantes, funcionarios y artesanos que depend\u00edan de ella y la tomaban como modelo. La expansi\u00f3n urbana comenzaba a desbordar los l\u00edmites de la vieja ciudad colonial. Al sur de la Alameda, y m\u00e1s all\u00e1 de una barrera formada por una serie de hospitales, monasterios e iglesias se extend\u00eda el nuevo arrabal popular. La ciudad comenz\u00f3 a crecer r\u00e1pida y desordenadamente hacia el sur. Hacia 1850 casi todas las calles hab\u00edan alcanzado el Canal de San Miguel, actualmente Avenida 10 de Julio, abierto en 1822 para servir a una zona todav\u00eda rural. En 1843 vecinos ya se quejaban porque este surt\u00eda de su agua a infinidad de personas humildes que se situaban en sus orillas y a una gran poblaci\u00f3n formada en esos contornos.<\/p>\n<p>La migraci\u00f3n rural multiplic\u00f3 los arrabales acelerando el crecimiento de una ciudad que no estaba preparada para ello, dificultando las condiciones de vida. Viviendas escasas y precarias, adem\u00e1s de servicios sanitarios insuficientes, coinciden con el crecimiento de las enfermedades.[\/vc_column_text][\/vc_column][\/vc_row][vc_row type=&#8221;in_container&#8221; full_screen_row_position=&#8221;middle&#8221; scene_position=&#8221;center&#8221; text_color=&#8221;dark&#8221; text_align=&#8221;left&#8221; overlay_strength=&#8221;0.3&#8243; shape_divider_position=&#8221;bottom&#8221; bg_image_animation=&#8221;none&#8221;][vc_column column_padding=&#8221;no-extra-padding&#8221; column_padding_position=&#8221;all&#8221; background_color_opacity=&#8221;1&#8243; background_hover_color_opacity=&#8221;1&#8243; column_link_target=&#8221;_self&#8221; column_shadow=&#8221;none&#8221; column_border_radius=&#8221;none&#8221; width=&#8221;1\/2&#8243; tablet_width_inherit=&#8221;default&#8221; tablet_text_alignment=&#8221;default&#8221; phone_text_alignment=&#8221;default&#8221; column_border_width=&#8221;none&#8221; column_border_style=&#8221;solid&#8221; bg_image_animation=&#8221;none&#8221;][vc_column_text]En 1847 la instalaci\u00f3n del Matadero, junto al Zanj\u00f3n de la aguada, hab\u00eda creado un nuevo elemento de asentamiento en esta barriada.<\/p>\n<p>Con gran rapidez muchos fundos se transformaron en tierra urbana debido a que se convirti\u00f3 en un excelente negocio. Asentamientos del norte y el Oeste de la ciudad, y sobretodo el barrio sur crecieron sin orden ni concierto sobre las hijuelas alquiladas por los diversos herederos de esas tierras.[\/vc_column_text][vc_column_text]Hacia la segunda mitad del siglo XIX Santiago conoci\u00f3 simult\u00e1neamente los problemas t\u00edpicos de un crecimiento urbano acelerado e imprevisto y los primeros conflictos sociales. Los nuevos arrabales constitu\u00edan la principal preocupaci\u00f3n de varios pol\u00edticos de la \u00e9poca como Benjam\u00edn Vicu\u00f1a Mackenna. Por el sur superaron largamente el canal de San Miguel y la avenida de los monos, prolong\u00e1ndose hasta el matadero y el Zanj\u00f3n de la Aguada. La extensi\u00f3n del asentamiento, traspasando el Zanj\u00f3n, oblig\u00f3 a llevar el l\u00edmite departamental hasta el camino de Ochagav\u00eda. M\u00e1s all\u00e1, la transformaci\u00f3n del llano Subercaseaux en finca vi\u00f1atera y bodega estimul\u00f3 el aumento de poblaci\u00f3n, lo mismo que la de \u201clos vecindarios que se poblaban y subdivid\u00edan\u201d. Tambi\u00e9n hab\u00eda mucha gente en la zona del Matadero, aunque menos densamente agrupada. Junto con estas situaciones tambi\u00e9n empezaron a aparecer los primeros botaderos clandestinos en diferentes puntos de Santiago. As\u00ed, por ejemplo, naci\u00f3 el llamado Potrero de la Muerte enclavado entre la actual Avenida Matta y el Zanj\u00f3n de la Aguada y entre Santa Rosa y Nataniel Cox.[\/vc_column_text][\/vc_column][vc_column column_padding=&#8221;no-extra-padding&#8221; column_padding_position=&#8221;all&#8221; background_color_opacity=&#8221;1&#8243; background_hover_color_opacity=&#8221;1&#8243; column_link_target=&#8221;_self&#8221; column_shadow=&#8221;none&#8221; column_border_radius=&#8221;none&#8221; width=&#8221;1\/2&#8243; tablet_width_inherit=&#8221;default&#8221; tablet_text_alignment=&#8221;default&#8221; phone_text_alignment=&#8221;default&#8221; column_border_width=&#8221;none&#8221; column_border_style=&#8221;solid&#8221; bg_image_animation=&#8221;none&#8221;]<div class=\"divider-wrap\" data-alignment=\"default\"><div style=\"height: 10px;\" class=\"divider\"><\/div><\/div><div class=\"img-with-aniamtion-wrap center\" data-max-width=\"100%\" data-border-radius=\"none\"><div class=\"inner\"><img data-shadow=\"none\" data-shadow-direction=\"middle\" class=\"img-with-animation skip-lazy \" data-delay=\"0\" height=\"960\" width=\"1280\"  data-animation=\"fade-in\" src=\"http:\/\/www.hand2hand.cl\/barriomatta\/wp-content\/uploads\/2020\/11\/origen-03.jpg\" srcset=\"http:\/\/www.hand2hand.cl\/barriomatta\/wp-content\/uploads\/2020\/11\/origen-03.jpg 1280w, http:\/\/www.hand2hand.cl\/barriomatta\/wp-content\/uploads\/2020\/11\/origen-03-300x225.jpg 300w, http:\/\/www.hand2hand.cl\/barriomatta\/wp-content\/uploads\/2020\/11\/origen-03-1024x768.jpg 1024w, http:\/\/www.hand2hand.cl\/barriomatta\/wp-content\/uploads\/2020\/11\/origen-03-768x576.jpg 768w\" sizes=\"100vw\" alt=\"\" \/><\/div><\/div><div class=\"divider-wrap\" data-alignment=\"default\"><div style=\"height: 10px;\" class=\"divider\"><\/div><\/div>[\/vc_column][\/vc_row][vc_row type=&#8221;in_container&#8221; full_screen_row_position=&#8221;middle&#8221; scene_position=&#8221;center&#8221; text_color=&#8221;dark&#8221; text_align=&#8221;left&#8221; overlay_strength=&#8221;0.3&#8243; shape_divider_position=&#8221;bottom&#8221; bg_image_animation=&#8221;none&#8221; shape_type=&#8221;&#8221;][vc_column column_padding=&#8221;no-extra-padding&#8221; column_padding_position=&#8221;all&#8221; background_color_opacity=&#8221;1&#8243; background_hover_color_opacity=&#8221;1&#8243; column_link_target=&#8221;_self&#8221; column_shadow=&#8221;none&#8221; column_border_radius=&#8221;none&#8221; width=&#8221;1\/2&#8243; tablet_width_inherit=&#8221;default&#8221; tablet_text_alignment=&#8221;default&#8221; phone_text_alignment=&#8221;default&#8221; column_border_width=&#8221;none&#8221; column_border_style=&#8221;solid&#8221; bg_image_animation=&#8221;none&#8221;]<div class=\"divider-wrap\" data-alignment=\"default\"><div style=\"height: 20px;\" class=\"divider\"><\/div><\/div><div class=\"img-with-aniamtion-wrap center\" data-max-width=\"100%\" data-border-radius=\"none\"><div class=\"inner\"><img data-shadow=\"none\" data-shadow-direction=\"middle\" class=\"img-with-animation skip-lazy \" data-delay=\"0\" height=\"960\" width=\"1280\"  data-animation=\"fade-in\" src=\"http:\/\/www.hand2hand.cl\/barriomatta\/wp-content\/uploads\/2020\/11\/origen-06.jpg\" srcset=\"http:\/\/www.hand2hand.cl\/barriomatta\/wp-content\/uploads\/2020\/11\/origen-06.jpg 1280w, http:\/\/www.hand2hand.cl\/barriomatta\/wp-content\/uploads\/2020\/11\/origen-06-300x225.jpg 300w, http:\/\/www.hand2hand.cl\/barriomatta\/wp-content\/uploads\/2020\/11\/origen-06-1024x768.jpg 1024w, http:\/\/www.hand2hand.cl\/barriomatta\/wp-content\/uploads\/2020\/11\/origen-06-768x576.jpg 768w\" sizes=\"100vw\" alt=\"\" \/><\/div><\/div>[\/vc_column][vc_column column_padding=&#8221;no-extra-padding&#8221; column_padding_position=&#8221;all&#8221; background_color_opacity=&#8221;1&#8243; background_hover_color_opacity=&#8221;1&#8243; column_link_target=&#8221;_self&#8221; column_shadow=&#8221;none&#8221; column_border_radius=&#8221;none&#8221; width=&#8221;1\/2&#8243; tablet_width_inherit=&#8221;default&#8221; tablet_text_alignment=&#8221;default&#8221; phone_text_alignment=&#8221;default&#8221; column_border_width=&#8221;none&#8221; column_border_style=&#8221;solid&#8221; bg_image_animation=&#8221;none&#8221;]<div class=\"divider-wrap\" data-alignment=\"default\"><div style=\"height: 10px;\" class=\"divider\"><\/div><\/div>[vc_column_text]Vicu\u00f1a Mackenna, durante su per\u00edodo como intendente se Santiago ( 1872 \u2013 1875 ) realiz\u00f3 el primer esfuerzo urban\u00edstico sistem\u00e1tico para afrontar las situaciones antes mencionadas. Emblem\u00e1tico de su acci\u00f3n fue el trazado del Camino de Cintura, que ocup\u00f3 en parte la antigua ca\u00f1ada de los monos, con varias funciones: descargar el tr\u00e1fico de los barrios centrales, marcar un l\u00edmite al establecimiento de f\u00e1bricas (que ya florec\u00edan de manera dispersa), crear un paseo alrededor de la ciudad, pero esencialmente establecer los l\u00edmites de la \u201cciudad propia\u201d, diferenci\u00e1ndola de los suburbios. Y establecer un cord\u00f3n sanitario contra la influencia pestilente del arrabal. La incipiente marginalidad industrial se ha vuelto peligrosa para una elite conservadora que ha impuesto su poder, de forma violenta y represiva, sin solucionar las problem\u00e1ticas que trae este nuevo modelo. La soluci\u00f3n a los problemas de los arrabales es dada por una nueva elite emergente, la liberal, que tiene nuevas propuestas pol\u00edticas, basadas en el conocimiento cient\u00edfico y econ\u00f3mico.[\/vc_column_text][\/vc_column][\/vc_row][vc_row type=&#8221;in_container&#8221; full_screen_row_position=&#8221;middle&#8221; scene_position=&#8221;center&#8221; text_color=&#8221;dark&#8221; text_align=&#8221;left&#8221; overlay_strength=&#8221;0.3&#8243; shape_divider_position=&#8221;bottom&#8221; bg_image_animation=&#8221;none&#8221;][vc_column column_padding=&#8221;no-extra-padding&#8221; column_padding_position=&#8221;all&#8221; background_color_opacity=&#8221;1&#8243; background_hover_color_opacity=&#8221;1&#8243; column_link_target=&#8221;_self&#8221; column_shadow=&#8221;none&#8221; column_border_radius=&#8221;none&#8221; width=&#8221;1\/1&#8243; tablet_width_inherit=&#8221;default&#8221; tablet_text_alignment=&#8221;default&#8221; phone_text_alignment=&#8221;default&#8221; column_border_width=&#8221;none&#8221; column_border_style=&#8221;solid&#8221; bg_image_animation=&#8221;none&#8221;][vc_column_text]El proyecto modernizador de Santiago de Benjam\u00edn Vicu\u00f1a Mackenna se bas\u00f3 en modelos cient\u00edficos franceses, constituyendo una forma de intervenci\u00f3n social determinada por conceptos m\u00e9dicos, basados espec\u00edficamente en la llamada \u201cHigiene P\u00fablica\u201d, que es la medicina social del siglo XIX en Europa. El intendente ser\u00e1 el primero que ordene la ciudad, con nuevos moldes sociales urbanos. Para Vicu\u00f1a Mackenna existen dos ciudades: \u201cLa ciudad ilustrada, opulenta, cristiana, ordenada, limpia\u201d y \u201cLa ciudad b\u00e1rbara, una inmensa cloaca de infecciones y de vicio, de crimen, de peste, un verdadero potrero de muerte.\u201d (1873). La cuidad b\u00e1rbara es la causante de la producci\u00f3n de enfermedades, delincuencia y marginalidad social. La soluci\u00f3n fue el plan de transformaci\u00f3n de Santiago, que contemplaba la creaci\u00f3n del paseo del cerro Santa Luc\u00eda (\u201cLa monta\u00f1a M\u00e1gica\u201d parisina de V. Mackenna), el emplazamiento de plazas, escuelas, y mercados como: El de San Pablo y San Diego. Estas construcciones buscaban imitar a las de grandes urbes europeas de la \u00e9poca. El llamado \u201cCamino de cintura\u201d o \u201cMuro Sanitario\u201d es un espacio que separa a los dos sectores o a las dos ciudades que el intendente describe, apartando a grupos sociales que pueden contaminar a la ciudad ilustrada y limpia. Recordemos que al sur de Avenida Matta se ubicaba el sector matadero (Franklin) donde estaban instalados los trabajadores y sus populosos barrios. Este \u201ccord\u00f3n sanitario\u201d fue aplicado para reordenar la ciudad de Santiago, pero no de inmigrantes o \u201cafuerinos\u201d, sino de los sectores populares santiaguinos industrializados.<\/p>\n<p>Desde 1875 se aprecia en el Barrio Sur la divisi\u00f3n de las manzanas y venta a varias personas, as\u00ed como el comienzo de la edificaci\u00f3n de diversos grupos habitacionales. Tambi\u00e9n se ofrec\u00edan \u201csitios para pobres\u201d como en la calle Chilo\u00e9, sobre la l\u00ednea del ferrocarril urbano de San Diego. Eran amanzanamientos recientes. Los propietarios combinaban el alquiler de la tierra con el de viviendas. La valorizaci\u00f3n de la tierra impuls\u00f3 a los propietarios a construir conventillos, que desde la d\u00e9cada de 1870 fueron la forma habitual de la vivienda popular. El alquiler de viviendas o terrenos para pobres constituy\u00f3 una parte importante de las actividades de muchos ricos santiaguinos. La propiedad urbana constitu\u00eda una porci\u00f3n importante del patrimonio de muchos terratenientes que resid\u00edan en la ciudad. Hacia 1860 el arzobispo Valdivieso construy\u00f3 junto a su casa \u201cuna especie de conventillo destinado a dar vivienda a familias pobres, de la calle de santa rosa a la calle de san isidro\u201d. Habitualmente propietarios menos encumbrados eran due\u00f1os de 2 o 3 conventillos. El alquiler continuaba siendo un excelente negocio debido a la escasez de tierras y la fuerte demanda. La oferta de empleo y la disponibilidad de los transportes imped\u00eda que los trabajadores se alejaran demasiado del centro de la ciudad.<\/p>\n<p>Para continuar abriendo el camino Cintura era necesario expropiar esas tierras y derribar lo que ah\u00ed exist\u00eda, lo que tropez\u00f3 con la resistencia de los propietarios, quienes defendieron sus derechos en t\u00e9rminos doctrinarios y a la vez aprovecharon los planes de remodelaci\u00f3n para obtener ventajas especulativas. En el barrio sur edificaron ranchos para que se los expropiaran, elevando de manera inusitada el valor de sus propiedades. Con esto, el nuevo camino se abri\u00f3 solo por tramos. Desde mediados de 1880 aparecen en las zonas que lograron ser despejadas conjuntos de viviendas m\u00e1s ordenadas cohabitando con los antiguos rancher\u00edos. Algunas eran proyectos empresariales, otras reflejan las nuevas preocupaciones por la \u201ccuesti\u00f3n social\u201d siendo poblaciones que procuraban ajustarse al ideal de viviendas baratas e higi\u00e9nicas para Obreros. Algunas de ellas fueron levantadas como anexo de algunas f\u00e1bricas, buscando adem\u00e1s, retener a los trabajadores en el propio lugar donde trabajan, combatiendo la tendencia a la circulaci\u00f3n. En otros proyectos se buscaba la colaboraci\u00f3n de las sociedades mutuales.[\/vc_column_text][\/vc_column][\/vc_row]\n","protected":false},"excerpt":{"rendered":"<p>[vc_row type=&#8221;in_container&#8221; full_screen_row_position=&#8221;middle&#8221; scene_position=&#8221;center&#8221; text_color=&#8221;dark&#8221; text_align=&#8221;left&#8221; overlay_strength=&#8221;0.3&#8243; shape_divider_position=&#8221;bottom&#8221; bg_image_animation=&#8221;none&#8221;][vc_column column_padding=&#8221;no-extra-padding&#8221; column_padding_position=&#8221;all&#8221; background_color_opacity=&#8221;1&#8243; background_hover_color_opacity=&#8221;1&#8243; column_link_target=&#8221;_self&#8221; column_shadow=&#8221;none&#8221; column_border_radius=&#8221;none&#8221; width=&#8221;1\/2&#8243; tablet_width_inherit=&#8221;default&#8221; tablet_text_alignment=&#8221;default&#8221; phone_text_alignment=&#8221;default&#8221; column_border_width=&#8221;none&#8221; column_border_style=&#8221;solid&#8221; bg_image_animation=&#8221;none&#8221;][vc_column_text] El Barrio&#8230;<\/p>\n","protected":false},"author":1,"featured_media":0,"parent":0,"menu_order":0,"comment_status":"closed","ping_status":"closed","template":"","meta":[],"_links":{"self":[{"href":"http:\/\/www.hand2hand.cl\/barriomatta\/index.php\/wp-json\/wp\/v2\/pages\/2699"}],"collection":[{"href":"http:\/\/www.hand2hand.cl\/barriomatta\/index.php\/wp-json\/wp\/v2\/pages"}],"about":[{"href":"http:\/\/www.hand2hand.cl\/barriomatta\/index.php\/wp-json\/wp\/v2\/types\/page"}],"author":[{"embeddable":true,"href":"http:\/\/www.hand2hand.cl\/barriomatta\/index.php\/wp-json\/wp\/v2\/users\/1"}],"replies":[{"embeddable":true,"href":"http:\/\/www.hand2hand.cl\/barriomatta\/index.php\/wp-json\/wp\/v2\/comments?post=2699"}],"version-history":[{"count":11,"href":"http:\/\/www.hand2hand.cl\/barriomatta\/index.php\/wp-json\/wp\/v2\/pages\/2699\/revisions"}],"predecessor-version":[{"id":6033,"href":"http:\/\/www.hand2hand.cl\/barriomatta\/index.php\/wp-json\/wp\/v2\/pages\/2699\/revisions\/6033"}],"wp:attachment":[{"href":"http:\/\/www.hand2hand.cl\/barriomatta\/index.php\/wp-json\/wp\/v2\/media?parent=2699"}],"curies":[{"name":"wp","href":"https:\/\/api.w.org\/{rel}","templated":true}]}}